{"id":196,"date":"2013-07-08T11:22:31","date_gmt":"2013-07-08T11:22:31","guid":{"rendered":"http:\/\/scorpionkarate.ro\/?page_id=196"},"modified":"2024-01-17T12:22:50","modified_gmt":"2024-01-17T12:22:50","slug":"curriculum-vitae","status":"publish","type":"page","link":"http:\/\/scorpionkarate.ro\/?page_id=196","title":{"rendered":"Curriculum vitae"},"content":{"rendered":"<table border=\"0\" cellspacing=\"0\" cellpadding=\"0\">\n<tbody>\n<tr>\n<td valign=\"top\" width=\"208\">\n<p align=\"left\">Informa\u0163ii personale<\/p>\n<\/td>\n<td colspan=\"13\" valign=\"top\" width=\"510\">\u00a0Curriculum Vitae<\/td>\n<\/tr>\n<tr>\n<td valign=\"top\" width=\"208\">Nume \/ Prenume<\/td>\n<td colspan=\"13\" valign=\"top\" width=\"510\">DUMITRU \u00a0C\u0102T\u0102LIN &#8211; SORIN<\/td>\n<\/tr>\n<tr>\n<td valign=\"top\" width=\"208\">Adres\u0103(e)<\/td>\n<td colspan=\"13\" valign=\"top\" width=\"510\">sector 5 , strada Prel. Ferentari, nr. 52-60, bl. B, Sc. 2, et.1, ap.43, Bucure\u0219ti, Rom\u00e2nia<\/td>\n<\/tr>\n<tr>\n<td valign=\"top\" width=\"208\">Telefon(oane)<\/td>\n<td colspan=\"3\" valign=\"top\" width=\"44\">\n<p align=\"left\">Mobil:<\/p>\n<\/td>\n<td colspan=\"7\" valign=\"top\" width=\"294\">0766 473 332 ; 0722 663 765<\/td>\n<td colspan=\"3\" valign=\"top\" width=\"172\"><\/td>\n<\/tr>\n<tr>\n<td valign=\"top\" width=\"208\"><\/td>\n<td colspan=\"13\" valign=\"top\" width=\"510\"><\/td>\n<\/tr>\n<tr>\n<td valign=\"top\" width=\"208\">E-mail(uri)<\/td>\n<td colspan=\"13\" valign=\"top\" width=\"510\"><a href=\"mailto:catalin.dumitru@mts.ro\">catalin.dumitru@mts.ro<\/a> ; <a href=\"mailto:sorin.dumitru@gmail.com\">sorin.dumitru@gmail.com<\/a> ;<\/td>\n<\/tr>\n<tr>\n<td valign=\"top\" width=\"208\"><\/td>\n<td colspan=\"13\" valign=\"top\" width=\"510\"><\/td>\n<\/tr>\n<tr>\n<td valign=\"top\" width=\"208\">Na\u0163ionalitate(-t\u0103\u0163i)<\/td>\n<td colspan=\"13\" valign=\"top\" width=\"510\">Rom\u00e2n\u0103<\/td>\n<\/tr>\n<tr>\n<td valign=\"top\" width=\"208\"><\/td>\n<td colspan=\"13\" valign=\"top\" width=\"510\"><\/td>\n<\/tr>\n<tr>\n<td valign=\"top\" width=\"208\">Data na\u015fterii<\/td>\n<td colspan=\"13\" valign=\"top\" width=\"510\">07 Octombrie 1983<\/td>\n<\/tr>\n<tr>\n<td valign=\"top\" width=\"208\"><\/td>\n<td colspan=\"13\" valign=\"top\" width=\"510\"><\/td>\n<\/tr>\n<tr>\n<td valign=\"top\" width=\"208\">Sex<\/td>\n<td colspan=\"13\" valign=\"top\" width=\"510\">masculin<\/td>\n<\/tr>\n<tr>\n<td valign=\"top\" width=\"208\"><\/td>\n<td colspan=\"13\" valign=\"top\" width=\"510\"><\/td>\n<\/tr>\n<tr>\n<td valign=\"top\" width=\"208\">Locul de munc\u0103 vizat \/ Domeniul ocupa\u0163ional<\/td>\n<td colspan=\"13\" valign=\"top\" width=\"510\">Educa\u021bie \/ Sport \/ Training<\/td>\n<\/tr>\n<tr>\n<td valign=\"top\" width=\"208\"><\/td>\n<td colspan=\"13\" valign=\"top\" width=\"510\"><\/td>\n<\/tr>\n<tr>\n<td valign=\"top\" width=\"208\">Experien\u0163a profesional\u0103<\/td>\n<td colspan=\"13\" valign=\"top\" width=\"510\"><\/td>\n<\/tr>\n<tr>\n<td valign=\"top\" width=\"208\">Perioada<\/td>\n<td colspan=\"13\" valign=\"top\" width=\"510\">Februarie 2013 &#8211; prezent<\/td>\n<\/tr>\n<tr>\n<td valign=\"top\" width=\"208\">Func\u0163ia sau postul ocupat<\/td>\n<td colspan=\"13\" valign=\"top\" width=\"510\">Consilier personal Ministerul Tineretului si Sportului \u2013 birou Secretar de Stat<\/td>\n<\/tr>\n<tr>\n<td valign=\"top\" width=\"208\">Activit\u0103\u0163i \u015fi responsabilit\u0103\u0163i principale<\/td>\n<td colspan=\"13\" valign=\"top\" width=\"510\">Elaborarea documentelor oficialeOrganizarea sedintelor<\/p>\n<p>Participare la workshop-uri<\/td>\n<\/tr>\n<tr>\n<td valign=\"top\" width=\"208\">Numele \u015fi adresa angajatorului<\/td>\n<td colspan=\"13\" valign=\"top\" width=\"510\">Ministerul Tineretului si Sportului, str.Vasile Conta, nr. 16, sector 2<\/td>\n<\/tr>\n<tr>\n<td valign=\"top\" width=\"208\">Tipul activit\u0103\u0163ii sau sectorul de activitate<\/td>\n<td colspan=\"13\" valign=\"top\" width=\"510\">Administratie Publica &#8211; Tineret<\/td>\n<\/tr>\n<tr>\n<td valign=\"top\" width=\"208\"><\/td>\n<td colspan=\"13\" valign=\"top\" width=\"510\"><\/td>\n<\/tr>\n<tr>\n<td valign=\"top\" width=\"208\"><\/td>\n<td colspan=\"13\" valign=\"top\" width=\"510\"><\/td>\n<\/tr>\n<tr>\n<td valign=\"top\" width=\"208\">Perioada<\/td>\n<td colspan=\"13\" valign=\"top\" width=\"510\">Septembrie 2006. &#8211; prezent<\/td>\n<\/tr>\n<tr>\n<td valign=\"top\" width=\"208\">Func\u0163ia sau postul ocupat<\/td>\n<td colspan=\"13\" valign=\"top\" width=\"510\">Profesor karate &#8211; titular<\/td>\n<\/tr>\n<tr>\n<td valign=\"top\" width=\"208\">Activit\u0103\u0163i \u015fi responsabilit\u0103\u0163i principale<\/td>\n<td colspan=\"13\" valign=\"top\" width=\"510\">Planificare, programare \u0219i antrenarea elevilor \u0219i ob\u021binerea de rezultate \u00een competi\u021bii na\u021bionale \u0219i interna\u021bionale<\/td>\n<\/tr>\n<tr>\n<td valign=\"top\" width=\"208\">Numele \u015fi adresa angajatorului<\/td>\n<td colspan=\"13\" valign=\"top\" width=\"510\">Clubul Sportiv \u0218colar nr. 7 \u201eDinamo\u201d Bucure\u0219ti; \u0218os. \u0218tefan cel Mare, nr. 7-9, Sector 2, Bucure\u0219ti<\/td>\n<\/tr>\n<tr>\n<td valign=\"top\" width=\"208\">Tipul activit\u0103\u0163ii sau sectorul de activitate<\/td>\n<td colspan=\"13\" valign=\"top\" width=\"510\">Educa\u021bie \/ Sport<\/td>\n<\/tr>\n<tr>\n<td valign=\"top\" width=\"208\">Rezultate ob\u0163inute<\/td>\n<td colspan=\"13\" valign=\"top\" width=\"510\">3 medalii de aur, 1 medalie de argint si doua medalii de bronz la Campionatul Mondial de karate \u2013\u00a0 Barcelona, 07.2008 ;- multiple medalii la cupe na\u021bionale si municipale cu sportivii Clubului\u00a0 Clubul Sportiv \u0218colar nr. 7<\/p>\n<p>\u201eDinamo\u201d\u00a0 Bucure\u0219ti.<\/td>\n<\/tr>\n<tr>\n<td valign=\"top\" width=\"208\"><\/td>\n<td colspan=\"13\" valign=\"top\" width=\"510\"><\/td>\n<\/tr>\n<tr>\n<td valign=\"top\" width=\"208\"><\/td>\n<td colspan=\"13\" valign=\"top\" width=\"510\"><\/td>\n<\/tr>\n<tr>\n<td valign=\"top\" width=\"208\">\u00a0\u00a0\u00a0\u00a0\u00a0\u00a0\u00a0\u00a0\u00a0\u00a0\u00a0\u00a0\u00a0\u00a0\u00a0\u00a0\u00a0\u00a0\u00a0\u00a0\u00a0\u00a0\u00a0\u00a0\u00a0\u00a0\u00a0\u00a0\u00a0\u00a0\u00a0\u00a0\u00a0\u00a0 \u00a0\u00a0\u00a0\u00a0\u00a0\u00a0\u00a0\u00a0\u00a0\u00a0\u00a0\u00a0\u00a0Perioada<\/td>\n<td colspan=\"13\" valign=\"top\" width=\"510\">06.2005 &#8211; prezent<\/td>\n<\/tr>\n<tr>\n<td valign=\"top\" width=\"208\">\n<p align=\"center\">\u00a0\u00a0\u00a0\u00a0\u00a0\u00a0\u00a0\u00a0\u00a0\u00a0\u00a0\u00a0\u00a0\u00a0\u00a0\u00a0\u00a0\u00a0\u00a0 Func\u021bia sau postul ocupat<\/p>\n<\/td>\n<td colspan=\"13\" valign=\"top\" width=\"510\">antrenor \u2013 Karate<\/td>\n<\/tr>\n<tr>\n<td valign=\"top\" width=\"208\">Activit\u0103\u021bi \u0219i responsabilita\u021bi principale<\/td>\n<td colspan=\"13\" valign=\"top\" width=\"510\">\u00a0Formarea , perfec\u021bionarea si educarea sportivilor in vederea obtinerii de performante sportive si de a deveni oameni model ai societatii<\/td>\n<\/tr>\n<tr>\n<td valign=\"top\" width=\"208\">Numele \u0219i adresa angajatorului<\/td>\n<td colspan=\"13\" valign=\"top\" width=\"510\">Clubul Sportiv SCORPION Bucuresti \u2013 www.scorpionkarate.ro<\/td>\n<\/tr>\n<tr>\n<td valign=\"top\" width=\"208\">Tipul activit\u0103\u021bii sau sectorul de activitate<\/td>\n<td colspan=\"13\" valign=\"top\" width=\"510\">\u00a0Sport de performan\u021b\u0103<\/td>\n<\/tr>\n<tr>\n<td valign=\"top\" width=\"208\">Rezultate ob\u021binute<\/td>\n<td colspan=\"13\" valign=\"top\" width=\"510\">06.2005 \u2013 prezentLocul I la C.N de copii &#8211; Constan\u0163a 2006;<\/p>\n<p>&#8211; 4 medalii de aur \u00a0la C.N de copii si minicadeti \u2013Targoviste 2007;<\/p>\n<p>&#8211; 4 medalii de aur la C.N minicadeti, cadeti si juniori \u2013 Titu 2007;<\/p>\n<p>&#8211; Doua medalii de bronz la Campionatul Balcanic WKF,Turcia,\u00a0 oct. 2009;<\/p>\n<p>&#8211; O medalie de aur la campionatul national de seniori Shito \u2013 Ryu 2010;<\/p>\n<p>&#8211; o medlie de argint, doua de bronz si un loc V la Campionatul European EGKF, Austria, oct.2010;<\/p>\n<p>&#8211; o medalie de aur, una de argint si doua de bronz la Campionatul European ESKU, Itala, Nov. 2010;<\/p>\n<p>&#8211; o medalie de aur si una de bronz la Campionatul European ESKU, Istanbul Nov.2011;<\/p>\n<p>&#8211; o medalie de aur la Campionatul Mondial ESKU, Istanbul, Martie\u00a0 2012;<\/p>\n<p>&#8211; multiple medalii la cupe na\u0163ionale \u015fi municipale cu sportivii Clubului Sportiv Scorpion Bucure\u015fti de<\/p>\n<p>la \u00eenfiin\u0163are 06. 2005 p\u00e2n\u0103 \u00een prezent<\/td>\n<\/tr>\n<tr>\n<td valign=\"top\" width=\"208\"><\/td>\n<td colspan=\"13\" valign=\"top\" width=\"510\"><\/td>\n<\/tr>\n<tr>\n<td valign=\"top\" width=\"208\"><\/td>\n<td colspan=\"13\" valign=\"top\" width=\"510\"><\/td>\n<\/tr>\n<tr>\n<td valign=\"top\" width=\"208\">\u00a0\u00a0\u00a0\u00a0\u00a0\u00a0\u00a0\u00a0\u00a0\u00a0\u00a0\u00a0\u00a0\u00a0\u00a0\u00a0\u00a0\u00a0\u00a0\u00a0\u00a0\u00a0\u00a0\u00a0\u00a0\u00a0\u00a0\u00a0\u00a0\u00a0\u00a0\u00a0\u00a0\u00a0\u00a0\u00a0\u00a0\u00a0\u00a0\u00a0\u00a0\u00a0\u00a0\u00a0\u00a0\u00a0\u00a0\u00a0\u00a0 Perioada<\/td>\n<td colspan=\"13\" valign=\"top\" width=\"510\">2005 &#8211; prezent<\/td>\n<\/tr>\n<tr>\n<td valign=\"top\" width=\"208\">\u00a0\u00a0\u00a0\u00a0\u00a0\u00a0\u00a0\u00a0\u00a0\u00a0\u00a0\u00a0\u00a0\u00a0\u00a0\u00a0\u00a0\u00a0\u00a0\u00a0\u00a0\u00a0\u00a0 Func\u021b\u00eda sau postul ocupat<\/td>\n<td colspan=\"13\" valign=\"top\" width=\"510\">Vicepre\u015fedinte Organiza\u0163ia de Tineret a Asocia\u0163iei Partida Romilor \u201ePro Europa\u201d<\/td>\n<\/tr>\n<tr>\n<td valign=\"top\" width=\"208\">\u00a0\u00a0\u00a0\u00a0\u00a0\u00a0\u00a0\u00a0\u00a0\u00a0\u00a0\u00a0\u00a0\u00a0\u00a0\u00a0\u00a0\u00a0\u00a0\u00a0\u00a0\u00a0\u00a0 Responsabilit\u0103\u021bi principale<\/td>\n<td colspan=\"13\" valign=\"top\" width=\"510\">Organizare si coordonare ac\u0163iuni<\/td>\n<\/tr>\n<tr>\n<td valign=\"top\" width=\"208\">\u00a0\u00a0\u00a0\u00a0\u00a0\u00a0\u00a0 Numele \u0219i adresa angajatorului<\/td>\n<td colspan=\"13\" valign=\"top\" width=\"510\">Asocia\u0163ia Partida Romilor \u201ePro Europa\u201d\u00a0 &#8211; strada Victor Eftimiu, nr.1-3, etaj 5, sector 1<\/td>\n<\/tr>\n<tr>\n<td valign=\"top\" width=\"208\">Tipul activit\u0103\u021bii sau sectorul de activitate<\/td>\n<td colspan=\"13\" valign=\"top\" width=\"510\">Social, cultural si politic<\/td>\n<\/tr>\n<tr>\n<td valign=\"top\" width=\"208\">\u00a0\u00a0\u00a0\u00a0\u00a0\u00a0\u00a0\u00a0\u00a0\u00a0\u00a0\u00a0\u00a0\u00a0\u00a0\u00a0\u00a0\u00a0\u00a0\u00a0\u00a0\u00a0\u00a0\u00a0\u00a0\u00a0\u00a0\u00a0\u00a0\u00a0\u00a0\u00a0\u00a0\u00a0\u00a0\u00a0\u00a0\u00a0\u00a0\u00a0\u00a0\u00a0\u00a0\u00a0\u00a0\u00a0\u00a0\u00a0\u00a0\u00a0\u00a0\u00a0 Activit\u0103\u0163i<\/td>\n<td colspan=\"13\" valign=\"top\" width=\"510\">-Coordonator campania \u201eEu i\u0163i dau recomadarea\u201d la nivelul sectorului 5, campanie ce\u00a0 vizeaz\u0103cre\u015fterea gradului de participare educa\u0163ional\u0103 pentru elevi de etnie rom\u0103<\/p>\n<p>-Coordonator al campaniei \u201e\u015ei tu ai obraz\u201d din partea Organiza\u0163iei de Tineret a Partidei Romilor \u201ePro Europa\u201d &#8211; campanie de combatere a discrimin\u0103rii derulat\u0103 \u00een parteneriat cu Institutul pentru Rela\u0163ii Umane<\/p>\n<p>-Coordonator al unor serii de activit\u0103\u0163i cu caracter sportiv derulate de Organiza\u0163ia de Tineret a Partidei Romilor \u201ePro Europa\u201d in parteneriat cu Inspectoratul \u015ecolar al Municipiului Bucuresti<\/td>\n<\/tr>\n<tr>\n<td valign=\"top\" width=\"208\"><\/td>\n<td colspan=\"13\" valign=\"top\" width=\"510\"><\/td>\n<\/tr>\n<tr>\n<td valign=\"top\" width=\"208\"><\/td>\n<td colspan=\"13\" valign=\"top\" width=\"510\"><\/td>\n<\/tr>\n<tr>\n<td valign=\"top\" width=\"208\">\n<p align=\"left\">\u00a0\u00a0\u00a0\u00a0\u00a0\u00a0\u00a0\u00a0\u00a0\u00a0\u00a0\u00a0\u00a0\u00a0\u00a0\u00a0\u00a0\u00a0\u00a0\u00a0\u00a0\u00a0\u00a0\u00a0\u00a0\u00a0\u00a0\u00a0\u00a0\u00a0\u00a0\u00a0\u00a0\u00a0\u00a0\u00a0\u00a0\u00a0\u00a0\u00a0\u00a0\u00a0\u00a0\u00a0\u00a0\u00a0\u00a0\u00a0\u00a0\u00a0 Perioada<\/p>\n<\/td>\n<td colspan=\"13\" valign=\"top\" width=\"510\">\u00a0\u00a0 Septembrie 2008 \u2013 prezent<\/td>\n<\/tr>\n<tr>\n<td valign=\"top\" width=\"208\">Activit\u0103\u0163i \u015fi responsabilit\u0103\u0163i principale<\/td>\n<td colspan=\"13\" valign=\"top\" width=\"510\">Profesor karate &amp; gimnastic\u0103<\/td>\n<\/tr>\n<tr>\n<td valign=\"top\" width=\"208\">Numele \u015fi adresa angajatorului<\/td>\n<td colspan=\"13\" valign=\"top\" width=\"510\">Gradini\u021ba Nicholas; Gradini\u021ba WATOTO; Gradinita Planeta Copiilor<\/td>\n<\/tr>\n<tr>\n<td valign=\"top\" width=\"208\">Tipul activit\u0103\u0163ii sau sectorul de activitate<\/td>\n<td colspan=\"13\" valign=\"top\" width=\"510\">Educa\u021bia, formarea \u0219i dezvoltarea armonioas\u0103 a copiilor<\/td>\n<\/tr>\n<tr>\n<td valign=\"top\" width=\"208\"><\/td>\n<td colspan=\"13\" valign=\"top\" width=\"510\"><\/td>\n<\/tr>\n<tr>\n<td valign=\"top\" width=\"208\"><\/td>\n<td colspan=\"13\" valign=\"top\" width=\"510\"><\/td>\n<\/tr>\n<tr>\n<td valign=\"top\" width=\"208\"><\/td>\n<td colspan=\"13\" valign=\"top\" width=\"510\"><\/td>\n<\/tr>\n<tr>\n<td valign=\"top\" width=\"208\">\n<p align=\"left\">\u00a0\u00a0\u00a0\u00a0\u00a0\u00a0\u00a0\u00a0\u00a0\u00a0\u00a0\u00a0\u00a0\u00a0\u00a0\u00a0\u00a0\u00a0\u00a0\u00a0\u00a0\u00a0\u00a0\u00a0\u00a0\u00a0\u00a0\u00a0\u00a0\u00a0\u00a0\u00a0\u00a0\u00a0\u00a0\u00a0\u00a0\u00a0\u00a0\u00a0\u00a0\u00a0\u00a0\u00a0\u00a0\u00a0\u00a0\u00a0\u00a0\u00a0 Perioada<\/p>\n<\/td>\n<td colspan=\"13\" valign=\"top\" width=\"510\">Septembrie 2006 \u2013 2010<\/td>\n<\/tr>\n<tr>\n<td valign=\"top\" width=\"208\">Func\u0163ia sau postul ocupat<\/td>\n<td colspan=\"13\" valign=\"top\" width=\"510\">Profesor karate &amp; gimnastic\u0103<\/td>\n<\/tr>\n<tr>\n<td valign=\"top\" width=\"208\">Activit\u0103\u0163i \u015fi responsabilit\u0103\u0163i principale<\/td>\n<td colspan=\"13\" valign=\"top\" width=\"510\">Educa\u021bia, formarea si dezvolatrea armonioas\u0103 a copiilor<\/td>\n<\/tr>\n<tr>\n<td valign=\"top\" width=\"208\">Numele \u015fi adresa angajatorului<\/td>\n<td colspan=\"13\" valign=\"top\" width=\"510\">\u0218coala Genesis\u00a0 &amp; Gradini\u021ba Junior;<\/td>\n<\/tr>\n<tr>\n<td valign=\"top\" width=\"208\">Tipul activit\u0103\u0163ii sau sectorul de activitate<\/td>\n<td colspan=\"13\" valign=\"top\" width=\"510\">Educa\u021bie \/ Sport<\/td>\n<\/tr>\n<tr>\n<td valign=\"top\" width=\"208\"><\/td>\n<td colspan=\"13\" valign=\"top\" width=\"510\"><\/td>\n<\/tr>\n<tr>\n<td valign=\"top\" width=\"208\"><\/td>\n<td colspan=\"13\" valign=\"top\" width=\"510\"><\/td>\n<\/tr>\n<tr>\n<td valign=\"top\" width=\"208\">\u00a0\u00a0\u00a0\u00a0\u00a0\u00a0\u00a0\u00a0\u00a0\u00a0\u00a0\u00a0\u00a0\u00a0\u00a0\u00a0\u00a0\u00a0\u00a0\u00a0\u00a0\u00a0\u00a0\u00a0\u00a0\u00a0\u00a0\u00a0\u00a0\u00a0\u00a0\u00a0\u00a0\u00a0\u00a0\u00a0\u00a0\u00a0\u00a0\u00a0\u00a0\u00a0\u00a0\u00a0\u00a0\u00a0\u00a0\u00a0\u00a0\u00a0\u00a0 Perioada<\/td>\n<td colspan=\"13\" valign=\"top\" width=\"510\"><b>\u00a0<\/b>01.1998 \u2013 2011<\/td>\n<\/tr>\n<tr>\n<td valign=\"top\" width=\"208\">Func\u021b\u00eda sau postul ocupat<\/td>\n<td colspan=\"13\" valign=\"top\" width=\"510\">Sportiv \u2013sec\u021bia karate<\/td>\n<\/tr>\n<tr>\n<td valign=\"top\" width=\"208\">\u00a0\u00a0\u00a0\u00a0\u00a0\u00a0\u00a0\u00a0 Activit\u0103\u021bi \u0219i responsabilit\u0103\u021bi principale<\/td>\n<td colspan=\"13\" valign=\"top\" width=\"510\">Ob\u021binerea performan\u021belor sportive:-\u00a0 multiplu campion national;<\/p>\n<p>&#8211;\u00a0 campion universitar \u2013 anul 2003, 2004, 2005;<\/p>\n<p>&#8211;\u00a0 campion mondial \u2013 Oradea, anul 2000;<\/p>\n<p>&#8211;\u00a0 vicecampion\u00a0 balcanic \u2013 Turcia, anul 2001;<\/p>\n<p>&#8211;\u00a0 dublu campion european &#8211; Germania, anul 2002;<\/p>\n<p>&#8211;\u00a0 locul III C. European \u2013 Austria, anul 2003;<\/p>\n<p>&#8211;\u00a0 vicecampion mondial \u2013 Franta, anul 2004;<\/p>\n<p>&#8211;\u00a0 dublu campion european \u2013 Italia ,anul 2007;<\/p>\n<p>&#8211;\u00a0 locul V \u2013 campionatul Mondial, Turcia 2010;<\/p>\n<p>&#8211;\u00a0 maestru emerit al sportului;<\/p>\n<p>&#8211;\u00a0 antrenor categ. a II-a ;<\/p>\n<p>&#8211;\u00a0 arbitru national si balcanic.<\/p>\n<p>&#8211;\u00a0 membru in Colegiul Antrenorilor din cadrul Federatiei Romane de Karate<\/p>\n<p>&#8211; presedinte Comisia Preuniversitara si Universitara in cadrul Federatiei Romane de Karate<\/td>\n<\/tr>\n<tr>\n<td valign=\"top\" width=\"208\">\n<p align=\"left\">\u00a0\u00a0\u00a0\u00a0\u00a0\u00a0\u00a0\u00a0\u00a0\u00a0\u00a0\u00a0\u00a0\u00a0\u00a0 Numele \u0219i adresa angajatorului<\/p>\n<\/td>\n<td colspan=\"13\" valign=\"top\" width=\"510\">Clubul Sportiv DINAMO Bucure\u0219ti , \u0218os. \u0218tefan cel Mare, nr. 7-9, sector 2, Bucure\u0219ti<\/td>\n<\/tr>\n<tr>\n<td valign=\"top\" width=\"208\">Tipul activit\u0103\u021bii sau sectorul de activitate<b> <\/b><\/td>\n<td colspan=\"13\" valign=\"top\" width=\"510\">Sport<\/td>\n<\/tr>\n<tr>\n<td valign=\"top\" width=\"208\"><\/td>\n<td colspan=\"13\" valign=\"top\" width=\"510\"><\/td>\n<\/tr>\n<tr>\n<td valign=\"top\" width=\"208\"><\/td>\n<td colspan=\"13\" valign=\"top\" width=\"510\"><\/td>\n<\/tr>\n<tr>\n<td valign=\"top\" width=\"208\">Perioada<\/td>\n<td colspan=\"13\" valign=\"top\" width=\"510\">\u00a002.2005 \u2013 10.2005<\/td>\n<\/tr>\n<tr>\n<td valign=\"top\" width=\"208\">Tipul activit\u0103\u021bii sau sectorul de activitate<b> <\/b><\/td>\n<td colspan=\"13\" valign=\"top\" width=\"510\">\u00a0 \u015eofer &#8211; agent interven\u0163ie rapid\u0103<\/td>\n<\/tr>\n<tr>\n<td valign=\"top\" width=\"208\">\u00a0\u00a0\u00a0\u00a0\u00a0\u00a0\u00a0\u00a0 Activit\u0103\u021bi \u0219i responsabilit\u0103\u021bi principale<\/td>\n<td colspan=\"13\" valign=\"top\" width=\"510\">\u00a0asigurarea protec\u0163iei unor obiective fixe \u015fi mobile,transporturi valori , interven\u0163ie rapid\u0103<\/td>\n<\/tr>\n<tr>\n<td valign=\"top\" width=\"208\">Numele \u0219i adresa angajatorului<\/td>\n<td colspan=\"13\" valign=\"top\" width=\"510\">\u00a0S.C OK Guard SRL<\/td>\n<\/tr>\n<tr>\n<td valign=\"top\" width=\"208\">Tipul activit\u0103\u021bii sau sectorul de activitate<\/td>\n<td colspan=\"13\" valign=\"top\" width=\"510\">Paz\u0103 \u0219i protec\u021bie<\/td>\n<\/tr>\n<tr>\n<td valign=\"top\" width=\"208\"><\/td>\n<td colspan=\"13\" valign=\"top\" width=\"510\"><\/td>\n<\/tr>\n<tr>\n<td valign=\"top\" width=\"208\"><\/td>\n<td colspan=\"13\" valign=\"top\" width=\"510\"><\/td>\n<\/tr>\n<tr>\n<td valign=\"top\" width=\"208\">\u00a0\u00a0\u00a0\u00a0\u00a0\u00a0\u00a0\u00a0\u00a0\u00a0\u00a0\u00a0\u00a0\u00a0\u00a0\u00a0\u00a0\u00a0\u00a0\u00a0\u00a0\u00a0\u00a0\u00a0\u00a0\u00a0\u00a0\u00a0\u00a0\u00a0\u00a0\u00a0\u00a0\u00a0\u00a0\u00a0\u00a0\u00a0\u00a0\u00a0\u00a0\u00a0\u00a0\u00a0\u00a0\u00a0\u00a0\u00a0\u00a0\u00a0\u00a0\u00a0 Perioada<\/td>\n<td colspan=\"13\" valign=\"top\" width=\"510\">\n<p align=\"left\">01.2004 \u2013 09.2004<\/p>\n<\/td>\n<\/tr>\n<tr>\n<td valign=\"top\" width=\"208\">\u00a0Func\u021b\u00eda sau postul ocupat<\/td>\n<td colspan=\"13\" valign=\"top\" width=\"510\">\n<p align=\"left\">Analist programator<\/p>\n<\/td>\n<\/tr>\n<tr>\n<td valign=\"top\" width=\"208\">\u00a0\u00a0\u00a0\u00a0\u00a0\u00a0\u00a0\u00a0 Activit\u0103\u021bi \u0219i responsabilit\u0103\u021bi principale<\/td>\n<td colspan=\"13\" valign=\"top\" width=\"510\">\n<p align=\"left\">Asisten\u0163\u0103 programe de monitorizare, secretariat,contabilitate primar\u0103<\/p>\n<\/td>\n<\/tr>\n<tr>\n<td valign=\"top\" width=\"208\">\u00a0Numele \u0219i adresa angajatorului<\/td>\n<td colspan=\"13\" valign=\"top\" width=\"510\">\n<p align=\"left\">SC City Guard Security SRL\u00a0\u00a0\u00a0\u00a0\u00a0\u00a0\u00a0\u00a0\u00a0\u00a0\u00a0\u00a0\u00a0\u00a0\u00a0\u00a0\u00a0\u00a0\u00a0\u00a0\u00a0\u00a0\u00a0\u00a0\u00a0\u00a0\u00a0\u00a0\u00a0\u00a0\u00a0\u00a0\u00a0\u00a0\u00a0\u00a0\u00a0\u00a0\u00a0\u00a0 .<\/p>\n<\/td>\n<\/tr>\n<tr>\n<td valign=\"top\" width=\"208\">\u00a0 Tipul activit\u0103\u021bii sau sectorul de activitate<\/td>\n<td colspan=\"13\" valign=\"top\" width=\"510\">\n<p align=\"left\">\u00a0Paz\u0103 \u0219i protec\u021bie<\/p>\n<\/td>\n<\/tr>\n<tr>\n<td valign=\"top\" width=\"208\"><\/td>\n<td colspan=\"13\" valign=\"top\" width=\"510\"><\/td>\n<\/tr>\n<tr>\n<td valign=\"top\" width=\"208\"><\/td>\n<td colspan=\"13\" valign=\"top\" width=\"510\"><\/td>\n<\/tr>\n<tr>\n<td valign=\"top\" width=\"208\">\n<p align=\"right\">\u00a0\u00a0\u00a0\u00a0\u00a0\u00a0\u00a0\u00a0\u00a0\u00a0\u00a0\u00a0\u00a0\u00a0\u00a0\u00a0\u00a0\u00a0\u00a0 \u00a0\u00a0\u00a0\u00a0\u00a0\u00a0\u00a0\u00a0\u00a0\u00a0\u00a0\u00a0\u00a0\u00a0\u00a0\u00a0\u00a0\u00a0\u00a0\u00a0\u00a0\u00a0\u00a0\u00a0\u00a0\u00a0\u00a0\u00a0\u00a0\u00a0\u00a0Perioada<\/p>\n<\/td>\n<td colspan=\"13\" valign=\"top\" width=\"510\">\u00a009 .1992 &#8211; 12 .1997<\/td>\n<\/tr>\n<tr>\n<td valign=\"top\" width=\"208\">\u00a0\u00a0\u00a0\u00a0\u00a0\u00a0\u00a0\u00a0\u00a0\u00a0\u00a0\u00a0\u00a0\u00a0\u00a0\u00a0\u00a0\u00a0\u00a0 \u00a0\u00a0Func\u021b\u00eda sau postul ocupat<\/td>\n<td colspan=\"13\" valign=\"top\" width=\"510\">\u00a0Sportiv &#8211; sec\u0163ia Karate<\/td>\n<\/tr>\n<tr>\n<td valign=\"top\" width=\"208\">\u00a0\u00a0\u00a0\u00a0\u00a0\u00a0\u00a0\u00a0 Activit\u0103\u021bi \u0219i responsabilit\u0103\u021bi principale<\/td>\n<td colspan=\"13\" valign=\"top\" width=\"510\">\u00a0campion na\u0163ional la copii si cade\u0163i \u015fi diferite medalii la cupe\u00a0 \u015fi campionate zonale \u015fi na\u0163ionale .<\/td>\n<\/tr>\n<tr>\n<td valign=\"top\" width=\"208\">\u00a0\u00a0\u00a0\u00a0\u00a0\u00a0\u00a0\u00a0\u00a0\u00a0 \u00a0\u00a0Numele \u0219i adresa angajatorului<\/td>\n<td colspan=\"13\" valign=\"top\" width=\"510\">Clubul Sportiv KYAY Bucure\u015fti<\/td>\n<\/tr>\n<tr>\n<td valign=\"top\" width=\"208\">Tipul activit\u0103\u021bii sau sectorul de activitate<\/td>\n<td colspan=\"13\" valign=\"top\" width=\"510\">\u00a0Sport<\/td>\n<\/tr>\n<tr>\n<td valign=\"top\" width=\"208\"><\/td>\n<td colspan=\"13\" valign=\"top\" width=\"510\"><\/td>\n<\/tr>\n<tr>\n<td valign=\"top\" width=\"208\"><\/td>\n<td colspan=\"13\" valign=\"top\" width=\"510\"><\/td>\n<\/tr>\n<tr>\n<td valign=\"top\" width=\"208\">\n<p align=\"left\"><b>Educatie si formare<\/b><\/p>\n<\/td>\n<td colspan=\"13\" valign=\"top\" width=\"510\"><\/td>\n<\/tr>\n<tr>\n<td valign=\"top\" width=\"208\"><\/td>\n<td colspan=\"13\" valign=\"top\" width=\"510\"><\/td>\n<\/tr>\n<tr>\n<td valign=\"top\" width=\"208\"><\/td>\n<td colspan=\"13\" valign=\"top\" width=\"510\"><\/td>\n<\/tr>\n<tr>\n<td valign=\"top\" width=\"208\">Perioada<\/td>\n<td colspan=\"13\" valign=\"top\" width=\"510\">2006-2008<\/td>\n<\/tr>\n<tr>\n<td valign=\"top\" width=\"208\">\n<p align=\"right\">Numele \u015fi tipul institu\u0163iei de \u00eenv\u0103\u0163\u0103m\u00e2nt \/ furnizorului de formare<\/p>\n<\/td>\n<td colspan=\"13\" valign=\"top\" width=\"510\">Universitatea Spiru HaretFacultatea de educa\u0163ie fizic\u0103 \u015fi sport<\/td>\n<\/tr>\n<tr>\n<td valign=\"top\" width=\"208\">Nivelul \u00een clasificarea na\u0163ional\u0103 sau interna\u0163ional\u0103<\/td>\n<td colspan=\"13\" valign=\"top\" width=\"510\">\u00a0 Master \u2013 Managementul Activit\u0103\u0163ilor Sportive \u2013 postuniversitar<\/td>\n<\/tr>\n<tr>\n<td valign=\"top\" width=\"208\"><\/td>\n<td colspan=\"13\" valign=\"top\" width=\"510\"><\/td>\n<\/tr>\n<tr>\n<td valign=\"top\" width=\"208\"><\/td>\n<td colspan=\"13\" valign=\"top\" width=\"510\"><\/td>\n<\/tr>\n<tr>\n<td valign=\"top\" width=\"208\">Perioada<\/td>\n<td colspan=\"13\" valign=\"top\" width=\"510\">2002-2006<\/td>\n<\/tr>\n<tr>\n<td valign=\"top\" width=\"208\">Numele \u015fi tipul institu\u0163iei de \u00eenv\u0103\u0163\u0103m\u00e2nt \/ furnizorului de formare<\/td>\n<td colspan=\"13\" valign=\"top\" width=\"510\">Academia Na\u0163ional\u0103 de Educa\u0163ie Fizic\u0103 \u015fi Sport<\/td>\n<\/tr>\n<tr>\n<td valign=\"top\" width=\"208\">Nivelul \u00een clasificarea na\u0163ional\u0103 sau\u00a0 interna\u0163ional\u0103<\/td>\n<td colspan=\"13\" valign=\"top\" width=\"510\">Facultatea de Educatie Fizic\u0103 \u015fi Sport \u2013 specializare Arte Martiale \u2013 Karate wkf<\/td>\n<\/tr>\n<tr>\n<td valign=\"top\" width=\"208\"><\/td>\n<td colspan=\"13\" valign=\"top\" width=\"510\"><\/td>\n<\/tr>\n<tr>\n<td valign=\"top\" width=\"208\"><\/td>\n<td colspan=\"13\" valign=\"top\" width=\"510\"><\/td>\n<\/tr>\n<tr>\n<td valign=\"top\" width=\"208\">Perioada<\/td>\n<td colspan=\"13\" valign=\"top\" width=\"510\">1998- 2002<\/td>\n<\/tr>\n<tr>\n<td valign=\"top\" width=\"208\">Numele si tipul institutiei de invatamant\/ furmizorului de formare<\/td>\n<td colspan=\"13\" valign=\"top\" width=\"510\">Colegiul Tehnic \u201dPetru Maior\u201d<\/td>\n<\/tr>\n<tr>\n<td valign=\"top\" width=\"208\">Nivelul \u00een clasificarea national\u0103 sau interna\u021bional\u0103<\/td>\n<td colspan=\"13\" valign=\"top\" width=\"510\">Profil informatic\u0103Diplom\u0103 de Analist Programator &#8211; asistent<\/td>\n<\/tr>\n<tr>\n<td valign=\"top\" width=\"208\"><\/td>\n<td colspan=\"13\" valign=\"top\" width=\"510\"><\/td>\n<\/tr>\n<tr>\n<td valign=\"top\" width=\"208\"><\/td>\n<td colspan=\"13\" valign=\"top\" width=\"510\"><\/td>\n<\/tr>\n<tr>\n<td valign=\"top\" width=\"208\"><b>Aptitudini \u0219i competente\u00a0\u00a0\u00a0 <\/b><b>personale <\/b><\/td>\n<td colspan=\"13\" valign=\"top\" width=\"510\"><\/td>\n<\/tr>\n<tr>\n<td valign=\"top\" width=\"208\"><\/td>\n<td colspan=\"13\" valign=\"top\" width=\"510\"><\/td>\n<\/tr>\n<tr>\n<td valign=\"top\" width=\"208\"><b>Limba(i) matern\u0103(e) <\/b><\/td>\n<td colspan=\"13\" valign=\"top\" width=\"510\">Rom\u00e2n\u0103<\/td>\n<\/tr>\n<tr>\n<td valign=\"top\" width=\"208\"><\/td>\n<td colspan=\"13\" valign=\"top\" width=\"510\"><\/td>\n<\/tr>\n<tr>\n<td valign=\"top\" width=\"208\"><\/td>\n<td colspan=\"13\" valign=\"top\" width=\"510\"><\/td>\n<\/tr>\n<tr>\n<td valign=\"top\" width=\"208\"><b>Limba(i) str\u0103in\u0103(e) cunoscute <\/b><\/td>\n<td colspan=\"13\" valign=\"top\" width=\"510\"><\/td>\n<\/tr>\n<tr>\n<td valign=\"top\" width=\"208\"><\/td>\n<td valign=\"top\" width=\"9\"><\/td>\n<td colspan=\"5\" valign=\"top\" width=\"200\">\u00cen\u0163elegere<\/td>\n<td colspan=\"5\" valign=\"top\" width=\"201\">Vorbire<\/td>\n<td colspan=\"2\" valign=\"top\" width=\"100\">Scriere<\/td>\n<\/tr>\n<tr>\n<td valign=\"top\" width=\"208\">Nivel european (*)<\/td>\n<td valign=\"top\" width=\"9\"><\/td>\n<td colspan=\"3\" valign=\"top\" width=\"100\">Ascultare<\/td>\n<td colspan=\"2\" valign=\"top\" width=\"100\">Citire<\/td>\n<td colspan=\"2\" valign=\"top\" width=\"100\">Participare la conversa\u0163ie<\/td>\n<td colspan=\"3\" valign=\"top\" width=\"101\">Discurs oral<\/td>\n<td colspan=\"2\" valign=\"top\" width=\"100\">\n<p align=\"center\">Exprimare scris\u0103<\/p>\n<\/td>\n<\/tr>\n<tr>\n<td valign=\"top\" width=\"208\">Limba engleza<\/td>\n<td valign=\"top\" width=\"9\"><\/td>\n<td width=\"19\">C1<\/td>\n<td colspan=\"2\" width=\"81\">Utilizator experimentat<\/td>\n<td width=\"19\">C1<\/td>\n<td width=\"82\">Utilizator experimentat<\/td>\n<td width=\"18\">B2<\/td>\n<td width=\"82\">Utilizator independent<\/td>\n<td width=\"18\">B2<\/td>\n<td colspan=\"2\" width=\"82\">Utilizator independent<\/td>\n<td width=\"18\">B2<\/td>\n<td width=\"82\">Utilizator independent<\/td>\n<\/tr>\n<tr>\n<td valign=\"top\" width=\"208\">Limba franceza<\/td>\n<td valign=\"top\" width=\"9\"><\/td>\n<td width=\"19\">A1<\/td>\n<td colspan=\"2\" width=\"81\">Utilizator\u00a0 elementar<\/td>\n<td width=\"19\">A1<\/td>\n<td width=\"82\">Utilizator\u00a0 elementar<\/td>\n<td width=\"18\">A1<\/td>\n<td width=\"82\">Utilizator\u00a0 elementar<\/td>\n<td width=\"18\">A1<\/td>\n<td colspan=\"2\" width=\"82\">Utilizator\u00a0 elementar<\/td>\n<td width=\"18\">A1<\/td>\n<td width=\"82\">Utilizator\u00a0 elementar<\/td>\n<\/tr>\n<tr>\n<td valign=\"top\" width=\"208\"><\/td>\n<td colspan=\"13\" valign=\"top\" width=\"510\">(*) <a href=\"http:\/\/europass.cedefop.europa.eu\/LanguageSelfAssessmentGrid\/ro\">Nivelul Cadrului European Comun de Referin\u0163\u0103 Pentru Limbi Str\u0103ine<\/a><\/td>\n<\/tr>\n<tr>\n<td valign=\"top\" width=\"208\"><\/td>\n<td colspan=\"13\" valign=\"top\" width=\"510\"><\/td>\n<\/tr>\n<tr>\n<td valign=\"top\" width=\"208\">Competen\u0163e \u015fi abilit\u0103\u0163i sociale<\/td>\n<td colspan=\"13\" valign=\"top\" width=\"510\">Disciplin\u0103, respect, spirit de echip\u0103 \u2013 Am dob\u00e2ndit at\u00e2t disciplin\u0103 c\u00e2t \u0219i respect fa\u021b\u0103 de sine \u0219i colegi dealungul anilor pe care i-am petrecut practic\u00e2nd sportul de performan\u021b\u0103.<\/td>\n<\/tr>\n<tr>\n<td valign=\"top\" width=\"208\"><\/td>\n<td colspan=\"13\" valign=\"top\" width=\"510\"><\/td>\n<\/tr>\n<tr>\n<td valign=\"top\" width=\"208\">Competen\u0163e \u015fi aptitudini organizatorice<\/td>\n<td colspan=\"13\" valign=\"top\" width=\"510\">Competen\u021be bune \u00een managementul de proiect \u0219i \u00een managementul echipei, av\u00e2nd \u0219i o diploma care atesta acest lucru &#8211; manager de proiect ;\u00a0 \u00een prezent fiind managerul unui club sportiv care organizeaz\u0103 competi\u021bii la nivel na\u021bional si international in parteneriat cu Federatia Rom\u00e2n\u0103 de Karate.<\/td>\n<\/tr>\n<tr>\n<td valign=\"top\" width=\"208\"><\/td>\n<td colspan=\"13\" valign=\"top\" width=\"510\"><\/td>\n<\/tr>\n<tr>\n<td valign=\"top\" width=\"208\">Competen\u0163e \u015fi aptitudini tehnice<\/td>\n<td colspan=\"13\" valign=\"top\" width=\"510\">Asamblarea \u0219i programarea materialelor specifice competi\u021biilor de karate ( tabele electronice, suprafe\u021be de concurs), completarea de fi\u0219e de competi\u021bie, depanare calculatoare.<\/td>\n<\/tr>\n<tr>\n<td valign=\"top\" width=\"208\"><\/td>\n<td colspan=\"13\" valign=\"top\" width=\"510\"><\/td>\n<\/tr>\n<tr>\n<td valign=\"top\" width=\"208\">Competen\u0163e \u015fi aptitudini de utilizare a calculatorului<\/td>\n<td colspan=\"13\" valign=\"top\" width=\"510\">Programare\u00a0\u00a0 limbaje Pascal ,Fox Pro,Visual Fox,Gestionare baze de date \u2013 Creare, introducere date, modificare , stergere<\/p>\n<p>Utilizare Windows 95 \u2013 Windows 7<\/p>\n<p>Office(Word, Excell, Power Point, Front Page),<\/p>\n<p>web design (Photoshop , Web Studio, Flash)<\/p>\n<p>Internet ( Internet Explorer, Opera, Google Chrome)<\/td>\n<\/tr>\n<tr>\n<td valign=\"top\" width=\"208\"><\/td>\n<td colspan=\"13\" valign=\"top\" width=\"510\"><\/td>\n<\/tr>\n<tr>\n<td valign=\"top\" width=\"208\">Competen\u0163e \u015fi aptitudini artistice<\/td>\n<td colspan=\"13\" valign=\"top\" width=\"510\">Pasionat de crearea site-urilor web , coregrafii\u00a0 \u0219i situa\u021bii de lupta.<\/td>\n<\/tr>\n<tr>\n<td valign=\"top\" width=\"208\"><\/td>\n<td colspan=\"13\" valign=\"top\" width=\"510\"><\/td>\n<\/tr>\n<tr>\n<td valign=\"top\" width=\"208\">Alte competen\u0163e \u015fi aptitudini<\/td>\n<td colspan=\"13\" valign=\"top\" width=\"510\">Hobby-uri : Dans, Schi, Muzic\u0103<\/td>\n<\/tr>\n<tr>\n<td valign=\"top\" width=\"208\"><\/td>\n<td colspan=\"13\" valign=\"top\" width=\"510\"><\/td>\n<\/tr>\n<tr>\n<td valign=\"top\" width=\"208\">Permis(e) de conducere<\/td>\n<td colspan=\"13\" valign=\"top\" width=\"510\">De\u0163in permis cat.B din anul 2002 si posed autoturism.<\/td>\n<\/tr>\n<tr>\n<td valign=\"top\" width=\"208\"><\/td>\n<td colspan=\"13\" valign=\"top\" width=\"510\"><\/td>\n<\/tr>\n<tr>\n<td valign=\"top\" width=\"208\">Informa\u0163ii suplimentare<\/td>\n<td colspan=\"13\" valign=\"top\" width=\"510\">Persoane care pot furniza\u00a0 referin\u021be :Deputatul Nicolae P\u0103un \u2013 presedintele Comisiei pentru Drepturile Omului, Culte si Problemele Minorit\u0103\u0163lor Na\u0163ionale;<\/p>\n<p>C\u0103t\u0103lin Manea \u2013 Secretar General Partida Romilor \u201ePro Europa\u201d<\/p>\n<p>Prof. Banu\u021boiu Nicolae \u2013 antrenor club Kyai Bucure\u0219ti;<\/p>\n<p>Prof. Vasile Manea \u2013 antrenor Dinamo Bucure\u0219ti \u0219i secretar gen. .F.R. Karate<\/p>\n<p>Maior(r) Adrian Ghinea \u2013 antrenor federal F.R Karate<\/p>\n<p>Dl. Morar Dan \u2013 director\u00a0 SC City Guard SRL<\/p>\n<p>Prof. Macovei Constantin \u2013 director CSS7 \u201e Dinamo\u201d Bucuresti<\/td>\n<\/tr>\n<tr>\n<td valign=\"top\" width=\"208\"><\/td>\n<td colspan=\"13\" valign=\"top\" width=\"510\"><\/td>\n<\/tr>\n<tr>\n<td valign=\"top\" width=\"208\">\n<p>Anexe<\/td>\n<td colspan=\"13\" valign=\"top\" width=\"510\">\n<p>Copie\u00a0 diplom\u0103 de Licen\u021b\u0103<\/p>\n<p>Copie diploma Master<\/p>\n<p>Copie Carnet de Antrenor<\/p>\n<p>Copie diplom\u0103 4 dan<\/p>\n<p>Copie atestat de competente profesionale<\/td>\n<\/tr>\n<\/tbody>\n<\/table>\n","protected":false},"excerpt":{"rendered":"<p>Informa\u0163ii personale \u00a0Curriculum Vitae Nume \/ Prenume DUMITRU \u00a0C\u0102T\u0102LIN &#8211; SORIN Adres\u0103(e) sector 5 , strada Prel. Ferentari, nr. 52-60, bl. B, Sc. 2, et.1, ap.43, Bucure\u0219ti, Rom\u00e2nia Telefon(oane) Mobil: 0766 473 332 ; 0722 663 765 E-mail(uri) catalin.dumitru@mts.ro ; &hellip; <a href=\"http:\/\/scorpionkarate.ro\/?page_id=196\">Continue reading <span class=\"meta-nav\">&rarr;<\/span><\/a><\/p>\n","protected":false},"author":1,"featured_media":0,"parent":57,"menu_order":0,"comment_status":"open","ping_status":"open","template":"","meta":[],"_links":{"self":[{"href":"http:\/\/scorpionkarate.ro\/index.php?rest_route=\/wp\/v2\/pages\/196"}],"collection":[{"href":"http:\/\/scorpionkarate.ro\/index.php?rest_route=\/wp\/v2\/pages"}],"about":[{"href":"http:\/\/scorpionkarate.ro\/index.php?rest_route=\/wp\/v2\/types\/page"}],"author":[{"embeddable":true,"href":"http:\/\/scorpionkarate.ro\/index.php?rest_route=\/wp\/v2\/users\/1"}],"replies":[{"embeddable":true,"href":"http:\/\/scorpionkarate.ro\/index.php?rest_route=%2Fwp%2Fv2%2Fcomments&post=196"}],"version-history":[{"count":5,"href":"http:\/\/scorpionkarate.ro\/index.php?rest_route=\/wp\/v2\/pages\/196\/revisions"}],"predecessor-version":[{"id":2295,"href":"http:\/\/scorpionkarate.ro\/index.php?rest_route=\/wp\/v2\/pages\/196\/revisions\/2295"}],"up":[{"embeddable":true,"href":"http:\/\/scorpionkarate.ro\/index.php?rest_route=\/wp\/v2\/pages\/57"}],"wp:attachment":[{"href":"http:\/\/scorpionkarate.ro\/index.php?rest_route=%2Fwp%2Fv2%2Fmedia&parent=196"}],"curies":[{"name":"wp","href":"https:\/\/api.w.org\/{rel}","templated":true}]}}